{"id":366,"date":"2022-05-10T01:49:27","date_gmt":"2022-05-09T23:49:27","guid":{"rendered":"https:\/\/www.parisalenvers.fr\/?page_id=366"},"modified":"2022-05-31T14:54:03","modified_gmt":"2022-05-31T12:54:03","slug":"qui-sommes-nous","status":"publish","type":"page","link":"https:\/\/www.parisalenvers.fr\/?page_id=366","title":{"rendered":"Qui sommes nous"},"content":{"rendered":"<p>[et_pb_section fb_built=\u00a0\u00bb1&Prime; _builder_version=\u00a0\u00bb4.16&Prime; _module_preset=\u00a0\u00bbdefault\u00a0\u00bb background_image=\u00a0\u00bbhttps:\/\/www.parisalenvers.fr\/wp-content\/uploads\/2022\/04\/slide_delgado_sully_01.jpg\u00a0\u00bb global_colors_info=\u00a0\u00bb{}\u00a0\u00bb][et_pb_row _builder_version=\u00a0\u00bb4.16&Prime; _module_preset=\u00a0\u00bbdefault\u00a0\u00bb global_colors_info=\u00a0\u00bb{}\u00a0\u00bb][et_pb_column type=\u00a0\u00bb4_4&Prime; _builder_version=\u00a0\u00bb4.16&Prime; _module_preset=\u00a0\u00bbdefault\u00a0\u00bb global_colors_info=\u00a0\u00bb{}\u00a0\u00bb][et_pb_text _builder_version=\u00a0\u00bb4.17.3&Prime; _module_preset=\u00a0\u00bbdefault\u00a0\u00bb text_font=\u00a0\u00bbPlayfair Display||||||||\u00a0\u00bb text_text_color=\u00a0\u00bb#FFFFFF\u00a0\u00bb text_font_size=\u00a0\u00bb50px\u00a0\u00bb text_orientation=\u00a0\u00bbcenter\u00a0\u00bb global_colors_info=\u00a0\u00bb{}\u00a0\u00bb][\/et_pb_text][et_pb_text _builder_version=\u00a0\u00bb4.16&Prime; _module_preset=\u00a0\u00bbdefault\u00a0\u00bb global_colors_info=\u00a0\u00bb{}\u00a0\u00bb]<\/p>\n<p>T<\/p>\n<p>[\/et_pb_text][\/et_pb_column][\/et_pb_row][\/et_pb_section][et_pb_section fb_built=\u00a0\u00bb1&Prime; _builder_version=\u00a0\u00bb4.16&Prime; _module_preset=\u00a0\u00bbdefault\u00a0\u00bb global_colors_info=\u00a0\u00bb{}\u00a0\u00bb][et_pb_row column_structure=\u00a0\u00bb1_2,1_2&Prime; _builder_version=\u00a0\u00bb4.16&Prime; _module_preset=\u00a0\u00bbdefault\u00a0\u00bb global_colors_info=\u00a0\u00bb{}\u00a0\u00bb][et_pb_column type=\u00a0\u00bb1_2&Prime; _builder_version=\u00a0\u00bb4.16&Prime; _module_preset=\u00a0\u00bbdefault\u00a0\u00bb global_colors_info=\u00a0\u00bb{}\u00a0\u00bb][et_pb_text _builder_version=\u00a0\u00bb4.17.3&Prime; _module_preset=\u00a0\u00bbdefault\u00a0\u00bb text_font=\u00a0\u00bbPlayfair Display||||||||\u00a0\u00bb text_text_color=\u00a0\u00bb#4f0066&Prime; text_font_size=\u00a0\u00bb36px\u00a0\u00bb text_orientation=\u00a0\u00bbcenter\u00a0\u00bb hover_enabled=\u00a0\u00bb0&Prime; global_colors_info=\u00a0\u00bb{}\u00a0\u00bb sticky_enabled=\u00a0\u00bb0&Prime;]<\/p>\n<p style=\"text-align: center;\">Qui est Paris \u00e0 l&rsquo;envers ?<\/p>\n<p>[\/et_pb_text][\/et_pb_column][et_pb_column type=\u00a0\u00bb1_2&Prime; _builder_version=\u00a0\u00bb4.16&Prime; _module_preset=\u00a0\u00bbdefault\u00a0\u00bb global_colors_info=\u00a0\u00bb{}\u00a0\u00bb][et_pb_text _builder_version=\u00a0\u00bb4.16&Prime; _module_preset=\u00a0\u00bbdefault\u00a0\u00bb text_font=\u00a0\u00bbPlayfair Display||||||||\u00a0\u00bb text_font_size=\u00a0\u00bb20px\u00a0\u00bb ul_text_align=\u00a0\u00bbcenter\u00a0\u00bb global_colors_info=\u00a0\u00bb{}\u00a0\u00bb]<\/p>\n<p style=\"text-align: center;\"><span>Nathalie Manceron<\/span><\/p>\n<p>[\/et_pb_text][\/et_pb_column][\/et_pb_row][et_pb_row _builder_version=\u00a0\u00bb4.16&Prime; _module_preset=\u00a0\u00bbdefault\u00a0\u00bb global_colors_info=\u00a0\u00bb{}\u00a0\u00bb][et_pb_column type=\u00a0\u00bb4_4&Prime; _builder_version=\u00a0\u00bb4.16&Prime; _module_preset=\u00a0\u00bbdefault\u00a0\u00bb global_colors_info=\u00a0\u00bb{}\u00a0\u00bb][et_pb_divider color=\u00a0\u00bb#936700&Prime; _builder_version=\u00a0\u00bb4.16&Prime; _module_preset=\u00a0\u00bbdefault\u00a0\u00bb global_colors_info=\u00a0\u00bb{}\u00a0\u00bb][\/et_pb_divider][\/et_pb_column][\/et_pb_row][et_pb_row column_structure=\u00a0\u00bb1_2,1_4,1_4&Prime; _builder_version=\u00a0\u00bb4.16&Prime; _module_preset=\u00a0\u00bbdefault\u00a0\u00bb global_colors_info=\u00a0\u00bb{}\u00a0\u00bb][et_pb_column type=\u00a0\u00bb1_2&Prime; _builder_version=\u00a0\u00bb4.16&Prime; _module_preset=\u00a0\u00bbdefault\u00a0\u00bb global_colors_info=\u00a0\u00bb{}\u00a0\u00bb][et_pb_text _builder_version=\u00a0\u00bb4.17.3&Prime; _module_preset=\u00a0\u00bbdefault\u00a0\u00bb global_colors_info=\u00a0\u00bb{}\u00a0\u00bb]<\/p>\n<h3 class=\"p1\">Paris \u00e0 l\u2019envers est le r\u00e9sultat d\u2019une passion pour<\/h3>\n<h3 class=\"p1\">l\u2019Histoire et diff\u00e9rentes cultures.<\/h3>\n<p class=\"p1\">Je m\u2019appelle Nathalie Manceron et j\u2019ai fait des \u00e9tudes d\u2019histoire de l\u2019art et d\u2019arch\u00e9ologie \u00e0 l\u2019universit\u00e9 de Paris-Sorbonne. J\u2019ai ainsi acquis une solide base culturelle que j\u2019ai d\u2019abord utilis\u00e9e lors d\u2019exp\u00e9riences professionnelles pour la r\u00e9alisation de guides de voyages. Par la suite, des s\u00e9jours \u00e0 l\u2019\u00e9tranger (15 mois aux USA, plusieurs s\u00e9jours en Allemagne) et de nombreux voyages<span class=\"Apple-converted-space\">\u00a0 <\/span>m\u2019ont permis de continuer \u00e0 enrichir mes connaissances que je renouvelle et actualise sans arr\u00eat.<\/p>\n<p class=\"p1\">J\u2019ai d\u00e9cid\u00e9 de cr\u00e9er Paris \u00e0 l\u2019envers pour faire partager \u00e0 tous la d\u00e9couverte d\u2019une ville aux multiples facettes\u00a0; son histoire, sa culture, sa gastronomie, ses us et coutumes\u2026 ou tout simplement comment vivre Paris\u00a0! J\u2019aime transmettre ma passion pour cette ville et pour moi, une bonne visite repose sur les \u00e9changes, le partage et votre participation.<\/p>\n<p class=\"p1\">J\u2019aime pr\u00e9senter Paris sous diff\u00e9rents aspects, lors de mes visites des monuments incontournables comme des lieux plus m\u00e9connus ou insolites. Je cr\u00e9e moi-m\u00eame toutes les visites gr\u00e2ce \u00e0 un gros travail de recherches et de rep\u00e9rages. Je vous invite donc \u00e0 venir les d\u00e9couvrir avec moi au cours de moments hors du temps.<\/p>\n<p>[\/et_pb_text][\/et_pb_column][et_pb_column type=\u00a0\u00bb1_4&Prime; _builder_version=\u00a0\u00bb4.16&Prime; _module_preset=\u00a0\u00bbdefault\u00a0\u00bb global_colors_info=\u00a0\u00bb{}\u00a0\u00bb][et_pb_image src=\u00a0\u00bbhttps:\/\/www.parisalenvers.fr\/wp-content\/uploads\/2022\/03\/home_niv2_logo_04.jpg\u00a0\u00bb title_text=\u00a0\u00bbhome_niv2_logo_04&Prime; _builder_version=\u00a0\u00bb4.16&Prime; _module_preset=\u00a0\u00bbdefault\u00a0\u00bb global_colors_info=\u00a0\u00bb{}\u00a0\u00bb][\/et_pb_image][et_pb_image src=\u00a0\u00bbhttps:\/\/www.parisalenvers.fr\/wp-content\/uploads\/2022\/05\/nathalie3_12-1.jpg\u00a0\u00bb title_text=\u00a0\u00bbnathalie3_12&Prime; _builder_version=\u00a0\u00bb4.17.3&Prime; _module_preset=\u00a0\u00bbdefault\u00a0\u00bb global_colors_info=\u00a0\u00bb{}\u00a0\u00bb][\/et_pb_image][\/et_pb_column][et_pb_column type=\u00a0\u00bb1_4&Prime; _builder_version=\u00a0\u00bb4.16&Prime; _module_preset=\u00a0\u00bbdefault\u00a0\u00bb global_colors_info=\u00a0\u00bb{}\u00a0\u00bb][et_pb_image src=\u00a0\u00bbhttps:\/\/www.parisalenvers.fr\/wp-content\/uploads\/2022\/04\/torre-eiffel-about_10.jpg\u00a0\u00bb title_text=\u00a0\u00bbtorre-eiffel-about_10&Prime; _builder_version=\u00a0\u00bb4.16&Prime; _module_preset=\u00a0\u00bbdefault\u00a0\u00bb global_colors_info=\u00a0\u00bb{}\u00a0\u00bb][\/et_pb_image][et_pb_image src=\u00a0\u00bbhttps:\/\/www.parisalenvers.fr\/wp-content\/uploads\/2022\/03\/home_niv2_iconos_08.jpg\u00a0\u00bb title_text=\u00a0\u00bbhome_niv2_iconos_08&Prime; _builder_version=\u00a0\u00bb4.16&Prime; _module_preset=\u00a0\u00bbdefault\u00a0\u00bb global_colors_info=\u00a0\u00bb{}\u00a0\u00bb][\/et_pb_image][\/et_pb_column][\/et_pb_row][et_pb_row _builder_version=\u00a0\u00bb4.16&Prime; _module_preset=\u00a0\u00bbdefault\u00a0\u00bb global_colors_info=\u00a0\u00bb{}\u00a0\u00bb][et_pb_column type=\u00a0\u00bb4_4&Prime; _builder_version=\u00a0\u00bb4.16&Prime; _module_preset=\u00a0\u00bbdefault\u00a0\u00bb global_colors_info=\u00a0\u00bb{}\u00a0\u00bb][et_pb_image src=\u00a0\u00bbhttps:\/\/www.parisalenvers.fr\/wp-content\/uploads\/2022\/04\/separador-3_04.jpg\u00a0\u00bb title_text=\u00a0\u00bbseparador-3_04&Prime; _builder_version=\u00a0\u00bb4.16&Prime; _module_preset=\u00a0\u00bbdefault\u00a0\u00bb global_colors_info=\u00a0\u00bb{}\u00a0\u00bb][\/et_pb_image][\/et_pb_column][\/et_pb_row][\/et_pb_section]<\/p>\n","protected":false},"excerpt":{"rendered":"<p>TQui est Paris \u00e0 l&rsquo;envers ?Nathalie ManceronParis \u00e0 l\u2019envers est le r\u00e9sultat d\u2019une passion pour l\u2019Histoire et diff\u00e9rentes cultures. Je m\u2019appelle Nathalie Manceron et j\u2019ai fait des \u00e9tudes d\u2019histoire de l\u2019art et d\u2019arch\u00e9ologie \u00e0 l\u2019universit\u00e9 de Paris-Sorbonne. J\u2019ai ainsi acquis une solide base culturelle que j\u2019ai d\u2019abord utilis\u00e9e lors d\u2019exp\u00e9riences professionnelles pour la r\u00e9alisation de [&hellip;]<\/p>\n","protected":false},"author":1,"featured_media":0,"parent":0,"menu_order":0,"comment_status":"closed","ping_status":"closed","template":"","meta":{"_et_pb_use_builder":"on","_et_pb_old_content":"","_et_gb_content_width":"","footnotes":""},"class_list":["post-366","page","type-page","status-publish","hentry"],"_links":{"self":[{"href":"https:\/\/www.parisalenvers.fr\/index.php?rest_route=\/wp\/v2\/pages\/366","targetHints":{"allow":["GET"]}}],"collection":[{"href":"https:\/\/www.parisalenvers.fr\/index.php?rest_route=\/wp\/v2\/pages"}],"about":[{"href":"https:\/\/www.parisalenvers.fr\/index.php?rest_route=\/wp\/v2\/types\/page"}],"author":[{"embeddable":true,"href":"https:\/\/www.parisalenvers.fr\/index.php?rest_route=\/wp\/v2\/users\/1"}],"replies":[{"embeddable":true,"href":"https:\/\/www.parisalenvers.fr\/index.php?rest_route=%2Fwp%2Fv2%2Fcomments&post=366"}],"version-history":[{"count":5,"href":"https:\/\/www.parisalenvers.fr\/index.php?rest_route=\/wp\/v2\/pages\/366\/revisions"}],"predecessor-version":[{"id":778,"href":"https:\/\/www.parisalenvers.fr\/index.php?rest_route=\/wp\/v2\/pages\/366\/revisions\/778"}],"wp:attachment":[{"href":"https:\/\/www.parisalenvers.fr\/index.php?rest_route=%2Fwp%2Fv2%2Fmedia&parent=366"}],"curies":[{"name":"wp","href":"https:\/\/api.w.org\/{rel}","templated":true}]}}